{"id":1460,"date":"2024-11-16T21:18:31","date_gmt":"2024-11-16T20:18:31","guid":{"rendered":"https:\/\/wnmp.zagan.pl\/?page_id=1460"},"modified":"2026-04-26T23:04:46","modified_gmt":"2026-04-26T21:04:46","slug":"ogloszenia-duszpasterskie","status":"publish","type":"page","link":"https:\/\/wnmp.zagan.pl\/index.php\/ogloszenia-duszpasterskie\/","title":{"rendered":"Og\u0142oszenia duszpasterskie"},"content":{"rendered":"<p>[vc_row][vc_column][vc_column_text]<\/p>\n<p style=\"text-align: center;\"><strong><em>4. Niedziela Wielkanocna \u2013 Niedziela Dobrego Pasterza<\/em><\/strong><\/p>\n<p style=\"text-align: center;\"><em>Ja jestem bram\u0105 owiec<\/em> (J 10,7) \u2013 te zdanie z ewangelii przypomina w Niedziel\u0119 Dobrego Pasterza, \u00a0\u017ce tylko Chrystus prowadzi nas do \u017cycia w pe\u0142ni i daje prawdziwe bezpiecze\u0144stwo. \u00a0Zaufajmy Jego g\u0142osowi i pozw\u00f3lmy si\u0119 prowadzi\u0107 ku drogom \u017cycia!<\/p>\n<p><strong><em>DZI\u015a:<\/em><\/strong><\/p>\n<ol>\n<li><strong><em>Niedziela Dobrego Pasterza <\/em><\/strong>\u00a0\u2013 \u015awiatowy Dzie\u0144 Modlitw o Powo\u0142ania, pocz\u0105tek tygodnia modlitw w tej intencji:\n<ul>\n<li>Jubileusz <strong>10-lecia<\/strong> <strong><em>Wsp\u00f3lnoty Przyjaci\u00f3\u0142 Parady\u017ca<\/em><\/strong> \u2013 Msza o 12:30;<\/li>\n<li>go\u015bcimy autora <em>Rymowanych Ewangelii<\/em> oraz <em>Opowie\u015bci Biblijnych<\/em> \u2013 pana Romana Kempi\u0144skiego, czyli <strong>Romcia Tomcia<\/strong>. Po Mszach mo\u017cliwo\u015b\u0107 zakupu ksi\u0105\u017cek z rymowan\u0105 indywidualn\u0105 dedykacj\u0105;<\/li>\n<li><strong>r\u00f3\u017caniec<\/strong> przed sum\u0105 poprowadzi <em>R\u00f3\u017ca \u015bw. Dominika<\/em>.<\/li>\n<\/ul>\n<\/li>\n<\/ol>\n<p><strong><em>W TYM TYGODNIU:<\/em><\/strong><\/p>\n<ol start=\"2\">\n<li><strong>W poniedzia\u0142ek<\/strong> (27.04):\n<ul>\n<li>wieczorna Msza i spotkanie formacyjne wsp\u00f3lnoty <strong><em>Apostolatu Maryjnego<\/em><\/strong>;<\/li>\n<li>wieczorna Msza i spotkanie modlitewne wsp\u00f3lnoty <strong><em>Odnowy w Duchu \u015awi\u0119tym<\/em><\/strong>;<\/li>\n<\/ul>\n<\/li>\n<li><strong>W czwartek<\/strong> (30.04) \u2013 <strong>sprz\u0105tanie ko\u015bcio\u0142a<\/strong>: o pomoc na godz. <strong>16:00<\/strong> prosimy Parafian z <em> Nowogr\u00f3dzkiej<\/em>.<\/li>\n<li><strong>W pi\u0119tek<\/strong> (1.05):\n<ul>\n<li>Pierwszy pi\u0105tek miesi\u0105ca;<\/li>\n<li><strong>Dyspensa<\/strong> Biskupa od pi\u0105tkowej wstrzemi\u0119\u017aliwo\u015bci od pokarm\u00f3w mi\u0119snych!;<\/li>\n<li><strong>Spowied\u017a<\/strong> od godz. 16:30 (w ko\u015bciele);<\/li>\n<li><strong><em>Nabo\u017ce\u0144stwa majowe<\/em><\/strong> ku czci Matki Bo\u017cej \u2013 od pi\u0105tku, codziennie o godz. 17:30.<\/li>\n<\/ul>\n<\/li>\n<li><strong>W sobot\u0119<\/strong> (2.05) &#8211; uroczysto\u015b\u0107 <strong><em>NMP Kr\u00f3lowej Polski<\/em><\/strong> [przeniesiona wyj\u0105tkowo z 3 maja]:\n<ul>\n<li>Pierwsza sobota miesi\u0105ca;<\/li>\n<li><strong>odwiedziny chorych<\/strong> z komuni\u0105 \u015bwi\u0119t\u0105 \u2013 ks. Tomasz;<\/li>\n<li>w sobot\u0119<strong> KANCELARIA NIECZYNNA!<\/strong><\/li>\n<li>11:00 \u2013 msza \u015bw. <strong><em>w intencji Ojczyzny oraz mieszka\u0144c\u00f3w miasta<\/em><\/strong> (ko\u015bci\u00f3\u0142 \u015bw. Piotra i Paw\u0142a);<\/li>\n<li>17:00 \u2013 nabo\u017ce\u0144stwo wynagradzaj\u0105ce Niepokalanemu Sercu Maryi.<\/li>\n<\/ul>\n<\/li>\n<li><strong>Adoracja Naj\u015bwi\u0119tszego Sakramentu<\/strong>: od poniedzia\u0142ku do soboty, od godz. 17:00, w ko\u015bciele.<\/li>\n<\/ol>\n<p><strong><em>W PRZYSZ\u0141\u0104 NIEDZIEL\u0118:<\/em><\/strong><\/p>\n<ol start=\"7\">\n<li>w przysz\u0142\u0105 niedziel\u0119 zbi\u00f3rka do puszek na<em> Grono Wspieraj\u0105ce Ubogich;<\/em><\/li>\n<li><em>pierwsza niedziela miesi\u0105ca <\/em>\u2013 zmiana tajemnic<em> <strong>\u017bywego R\u00f3\u017ca\u0144ca<\/strong> <\/em>po mszy o godz. 8:00;<\/li>\n<li>r\u00f3\u017caniec przed sum\u0105 poprowadzi <em>R\u00f3\u017ca \u015bw. Augustyna<\/em>.<\/li>\n<\/ol>\n<p><strong><em>INNE OG\u0141OSZENIA:<\/em><\/strong><\/p>\n<ol start=\"10\">\n<li>Dzi\u0119kujemy wszystkim, kt\u00f3rzy w tym roku przekazali <strong>1,5% podatku<\/strong> na rzecz naszej <em>Jad\u0142odajni<\/em>!<\/li>\n<li>Zapraszamy na <strong>piesz\u0105 pielgrzymk\u0119 powo\u0142aniow\u0105<\/strong> z Parady\u017ca do Rokitna (30 km) \u2013 <strong>9 maja<\/strong> (sob.), wyjazd z \u017bagania. Wi\u0119cej informacji i zapisy w zakrystii!<\/li>\n<li>Zach\u0119camy do dalszego wsparcia renowacji <em>kaplicy MB Cz\u0119stochowskiej<\/em>!<\/li>\n<\/ol>\n<p style=\"text-align: right;\"><em>Za codzienn\u0105 trosk\u0119, modlitw\u0119 i \u017cyczliwo\u015b\u0107 z ca\u0142ego serca dzi\u0119kujemy, <\/em><\/p>\n<p style=\"text-align: right;\"><strong>kan. W\u0142adys\u0142aw Tasior, proboszcz<\/strong> z ksi\u0119\u017cmi wsp\u00f3\u0142pracownikami<\/p>\n<p>[\/vc_column_text][\/vc_column][\/vc_row][vc_row][vc_column][vc_column_text]<a href=\"https:\/\/wnmp.zagan.pl\/wp-content\/uploads\/2026\/04\/Dyspensa-od-zachowania-czwartego-Przykazania-Koscielnego-01.05.2026-r.pdf\" target=\"_blank\" rel=\"noopener\">Zobacz: Dyspensa od zachowania czwartego Przykazania Ko\u015bcielnego<\/a>[\/vc_column_text][\/vc_column][\/vc_row]<\/p>\n","protected":false},"excerpt":{"rendered":"<p>[vc_row][vc_column][vc_column_text] 4. Niedziela Wielkanocna \u2013 Niedziela Dobrego Pasterza Ja jestem bram\u0105 owiec (J 10,7) \u2013 te zdanie z ewangelii przypomina w Niedziel\u0119 Dobrego Pasterza, \u00a0\u017ce tylko Chrystus prowadzi nas do \u017cycia w pe\u0142ni i daje prawdziwe bezpiecze\u0144stwo. \u00a0Zaufajmy Jego g\u0142osowi i pozw\u00f3lmy si\u0119 prowadzi\u0107 ku drogom \u017cycia! DZI\u015a: Niedziela Dobrego Pasterza \u00a0\u2013 \u015awiatowy Dzie\u0144 Modlitw [&hellip;]<\/p>\n","protected":false},"author":1,"featured_media":0,"parent":0,"menu_order":0,"comment_status":"closed","ping_status":"closed","template":"","meta":{"footnotes":""},"class_list":["post-1460","page","type-page","status-publish","hentry"],"_links":{"self":[{"href":"https:\/\/wnmp.zagan.pl\/index.php\/wp-json\/wp\/v2\/pages\/1460","targetHints":{"allow":["GET"]}}],"collection":[{"href":"https:\/\/wnmp.zagan.pl\/index.php\/wp-json\/wp\/v2\/pages"}],"about":[{"href":"https:\/\/wnmp.zagan.pl\/index.php\/wp-json\/wp\/v2\/types\/page"}],"author":[{"embeddable":true,"href":"https:\/\/wnmp.zagan.pl\/index.php\/wp-json\/wp\/v2\/users\/1"}],"replies":[{"embeddable":true,"href":"https:\/\/wnmp.zagan.pl\/index.php\/wp-json\/wp\/v2\/comments?post=1460"}],"version-history":[{"count":86,"href":"https:\/\/wnmp.zagan.pl\/index.php\/wp-json\/wp\/v2\/pages\/1460\/revisions"}],"predecessor-version":[{"id":1844,"href":"https:\/\/wnmp.zagan.pl\/index.php\/wp-json\/wp\/v2\/pages\/1460\/revisions\/1844"}],"wp:attachment":[{"href":"https:\/\/wnmp.zagan.pl\/index.php\/wp-json\/wp\/v2\/media?parent=1460"}],"curies":[{"name":"wp","href":"https:\/\/api.w.org\/{rel}","templated":true}]}}